{"id":27,"date":"2026-02-18T09:35:42","date_gmt":"2026-02-18T08:35:42","guid":{"rendered":"https:\/\/smpuls.pl\/?page_id=27"},"modified":"2026-02-22T17:13:43","modified_gmt":"2026-02-22T16:13:43","slug":"wynajem-sprzetu","status":"publish","type":"page","link":"https:\/\/smpuls.pl\/?page_id=27","title":{"rendered":"Wynajem sprz\u0119tu"},"content":{"rendered":"\t\t<div data-elementor-type=\"wp-page\" data-elementor-id=\"27\" class=\"elementor elementor-27\">\n\t\t\t\t<div class=\"elementor-element elementor-element-d6d5323 e-flex e-con-boxed e-con e-parent\" data-id=\"d6d5323\" data-element_type=\"container\" data-e-type=\"container\">\n\t\t\t\t\t<div class=\"e-con-inner\">\n\t\t<div class=\"elementor-element elementor-element-5eb5b7e e-con-full e-flex e-con e-child\" data-id=\"5eb5b7e\" data-element_type=\"container\" data-e-type=\"container\">\n\t\t\t\t<div class=\"elementor-element elementor-element-c5e3fba elementor-widget elementor-widget-heading\" data-id=\"c5e3fba\" data-element_type=\"widget\" data-e-type=\"widget\" data-widget_type=\"heading.default\">\n\t\t\t\t\t<h2 class=\"elementor-heading-title elementor-size-default\">Wynajem sprz\u0119tu medycznego<\/h2>\t\t\t\t<\/div>\n\t\t\t\t<\/div>\n\t\t<div class=\"elementor-element elementor-element-f866051 e-con-full e-flex e-con e-child\" data-id=\"f866051\" data-element_type=\"container\" data-e-type=\"container\" data-settings=\"{&quot;background_background&quot;:&quot;classic&quot;}\">\n\t\t\t\t<\/div>\n\t\t\t\t\t<\/div>\n\t\t\t\t<\/div>\n\t\t<div class=\"elementor-element elementor-element-2952531 e-flex e-con-boxed e-con e-parent\" data-id=\"2952531\" data-element_type=\"container\" data-e-type=\"container\">\n\t\t\t\t\t<div class=\"e-con-inner\">\n\t\t<div class=\"elementor-element elementor-element-c68efec e-con-full e-flex e-con e-child\" data-id=\"c68efec\" data-element_type=\"container\" data-e-type=\"container\">\n\t\t\t\t<div class=\"elementor-element elementor-element-bc2a7bf elementor-widget elementor-widget-text-editor\" data-id=\"bc2a7bf\" data-element_type=\"widget\" data-e-type=\"widget\" data-widget_type=\"text-editor.default\">\n\t\t\t\t\t\t\t\t\t<p><span style=\"color: #000000;\">W lutym 2026 roku rozszerzyli\u015bmy dzia\u0142alno\u015b\u0107 o wynajem sprz\u0119tu medycznego. Na start zainwestowali\u015bmy w fabrycznie nowy sprz\u0119t, aby zapewni\u0107 pacjentom maksymalne bezpiecze\u0144stwo, higien\u0119 oraz komfort u\u017cytkowania.<\/span><\/p><p><span style=\"color: #000000;\">W naszej ofercie<\/span> wynajmu znajduj\u0105 si\u0119 m.in.:<\/p><ul><li>\u0142\u00f3\u017cka rehabilitacyjne z regulacj\u0105,<\/li><li>koncentratory tlenu,<\/li><li>ssaki medyczne,<\/li><li>w\u00f3zki inwalidzkie,<\/li><li>balkoniki i kule ortopedyczne,<\/li><li>podno\u015bniki pacjenta\u00a0 ( do 180kg)\u00a0<\/li><\/ul>\t\t\t\t\t\t\t\t<\/div>\n\t\t\t\t<\/div>\n\t\t\t\t\t<\/div>\n\t\t\t\t<\/div>\n\t\t<div class=\"elementor-element elementor-element-776ab6f e-flex e-con-boxed e-con e-parent\" data-id=\"776ab6f\" data-element_type=\"container\" data-e-type=\"container\" data-settings=\"{&quot;background_background&quot;:&quot;classic&quot;}\">\n\t\t\t\t\t<div class=\"e-con-inner\">\n\t\t\t\t\t<\/div>\n\t\t\t\t<\/div>\n\t\t<div class=\"elementor-element elementor-element-bc0e976 e-flex e-con-boxed e-con e-parent\" data-id=\"bc0e976\" data-element_type=\"container\" data-e-type=\"container\">\n\t\t\t\t\t<div class=\"e-con-inner\">\n\t\t\t\t<div class=\"elementor-element elementor-element-bb09290 elementor-widget elementor-widget-spacer\" data-id=\"bb09290\" data-element_type=\"widget\" data-e-type=\"widget\" data-widget_type=\"spacer.default\">\n\t\t\t\t\t\t\t<div class=\"elementor-spacer\">\n\t\t\t<div class=\"elementor-spacer-inner\"><\/div>\n\t\t<\/div>\n\t\t\t\t\t\t<\/div>\n\t\t\t\t<div class=\"elementor-element elementor-element-5546ade elementor-widget elementor-widget-heading\" data-id=\"5546ade\" data-element_type=\"widget\" data-e-type=\"widget\" data-widget_type=\"heading.default\">\n\t\t\t\t\t<h2 class=\"elementor-heading-title elementor-size-default\">Obs\u0142ugujemy pacjent\u00f3w z Zielonej G\u00f3ry <\/h2>\t\t\t\t<\/div>\n\t\t\t\t<div class=\"elementor-element elementor-element-602303c elementor-widget elementor-widget-heading\" data-id=\"602303c\" data-element_type=\"widget\" data-e-type=\"widget\" data-widget_type=\"heading.default\">\n\t\t\t\t\t<h2 class=\"elementor-heading-title elementor-size-default\">oraz pobliskich miejscowo\u015bci,<\/h2>\t\t\t\t<\/div>\n\t\t\t\t\t<\/div>\n\t\t\t\t<\/div>\n\t\t<div class=\"elementor-element elementor-element-0f1a3fd e-flex e-con-boxed e-con e-parent\" data-id=\"0f1a3fd\" data-element_type=\"container\" data-e-type=\"container\">\n\t\t\t\t\t<div class=\"e-con-inner\">\n\t\t<div class=\"elementor-element elementor-element-bdf4ac4 e-con-full e-flex e-con e-child\" data-id=\"bdf4ac4\" data-element_type=\"container\" data-e-type=\"container\">\n\t\t\t\t<div class=\"elementor-element elementor-element-59c6a1a elementor-widget elementor-widget-text-editor\" data-id=\"59c6a1a\" data-element_type=\"widget\" data-e-type=\"widget\" data-widget_type=\"text-editor.default\">\n\t\t\t\t\t\t\t\t\t<p><span style=\"color: #000000;\">zapewniaj\u0105c sprawn\u0105 realizacj\u0119 zam\u00f3wie\u0144 oraz<\/span><span style=\"color: #333333;\"> <span style=\"color: #0000ff;\">fachowe doradztwo przy wyborze sprz\u0119tu.<\/span><\/span><\/p><p><span style=\"color: #333333;\"><span style=\"color: #000000;\">Rozumiemy, \u017ce potrzeba wynajmu \u0142\u00f3\u017cka rehabilitacyjnego, koncentratora tlenu czy w\u00f3zka inwalidzkiego cz\u0119sto pojawia si\u0119 nagle.<\/span> <span style=\"color: #0000ff;\">Dlatego gwarantujemy szybki kontakt, jasne warunki wsp\u00f3\u0142pracy oraz pe\u0142ne wsparcie \u2013 od konsultacji, przez dostaw\u0119, a\u017c po instrukta\u017c u\u017cytkowania.<\/span><\/span><\/p><p><span style=\"color: #333333;\"><span style=\"color: #000000;\">Sklep Medyczny PULS to rodzinny biznes oparty<\/span> <span style=\"color: #0000ff;\">na do\u015bwiadczeniu, odpowiedzialno\u015bci i realnej trosce o pacjenta.<\/span><\/span><\/p><p><span style=\"color: #333333;\"><span style=\"color: #000000;\">Je\u015bli interesuje Ci\u0119 wynajem sprz\u0119tu medycznego w Zielonej G\u00f3rze, <\/span><span style=\"color: #0000ff;\">skontaktuj si\u0119 z nami \u2013 pomo\u017cemy dobra\u0107 najlepsze rozwi\u0105zanie.<\/span><\/span><\/p>\t\t\t\t\t\t\t\t<\/div>\n\t\t\t\t<\/div>\n\t\t\t\t\t<\/div>\n\t\t\t\t<\/div>\n\t\t<div class=\"elementor-element elementor-element-f67b3da e-flex e-con-boxed e-con e-parent\" data-id=\"f67b3da\" data-element_type=\"container\" data-e-type=\"container\">\n\t\t\t\t\t<div class=\"e-con-inner\">\n\t\t\t\t<div class=\"elementor-element elementor-element-f14bdfa elementor-widget elementor-widget-heading\" data-id=\"f14bdfa\" data-element_type=\"widget\" data-e-type=\"widget\" id=\"sprzet\" data-widget_type=\"heading.default\">\n\t\t\t\t\t<h2 class=\"elementor-heading-title elementor-size-default\">Sprz\u0119t w naszej ofercie<\/h2>\t\t\t\t<\/div>\n\t\t\t\t\t<\/div>\n\t\t\t\t<\/div>\n\t\t<div class=\"elementor-element elementor-element-2533062 e-flex e-con-boxed e-con e-parent\" data-id=\"2533062\" data-element_type=\"container\" data-e-type=\"container\">\n\t\t\t\t\t<div class=\"e-con-inner\">\n\t\t<div class=\"elementor-element elementor-element-704fc5a e-con-full e-flex e-con e-child\" data-id=\"704fc5a\" data-element_type=\"container\" data-e-type=\"container\">\n\t\t\t\t<div class=\"elementor-element elementor-element-8d9a7f9 elementor-widget elementor-widget-spacer\" data-id=\"8d9a7f9\" data-element_type=\"widget\" data-e-type=\"widget\" data-widget_type=\"spacer.default\">\n\t\t\t\t\t\t\t<div class=\"elementor-spacer\">\n\t\t\t<div class=\"elementor-spacer-inner\"><\/div>\n\t\t<\/div>\n\t\t\t\t\t\t<\/div>\n\t\t\t\t<\/div>\n\t\t<div class=\"elementor-element elementor-element-f15b85d e-con-full e-flex e-con e-child\" data-id=\"f15b85d\" data-element_type=\"container\" data-e-type=\"container\">\n\t\t\t\t<div class=\"elementor-element elementor-element-bd8e0a3 elementor-widget elementor-widget-image\" data-id=\"bd8e0a3\" data-element_type=\"widget\" data-e-type=\"widget\" data-widget_type=\"image.default\">\n\t\t\t\t\t\t\t\t\t\t\t\t\t\t\t<img fetchpriority=\"high\" decoding=\"async\" width=\"445\" height=\"595\" src=\"https:\/\/smpuls.pl\/wp-content\/uploads\/2026\/02\/wozek.png\" class=\"attachment-full size-full wp-image-306\" alt=\"\" srcset=\"https:\/\/smpuls.pl\/wp-content\/uploads\/2026\/02\/wozek.png 445w, https:\/\/smpuls.pl\/wp-content\/uploads\/2026\/02\/wozek-224x300.png 224w\" sizes=\"(max-width: 445px) 100vw, 445px\" \/>\t\t\t\t\t\t\t\t\t\t\t\t\t\t\t<\/div>\n\t\t\t\t<div class=\"elementor-element elementor-element-dea8c1b elementor-widget elementor-widget-heading\" data-id=\"dea8c1b\" data-element_type=\"widget\" data-e-type=\"widget\" data-widget_type=\"heading.default\">\n\t\t\t\t\t<h2 class=\"elementor-heading-title elementor-size-default\">W\u00f3zki inwalidzkie<\/h2>\t\t\t\t<\/div>\n\t\t\t\t<div class=\"elementor-element elementor-element-9a82da9 elementor-widget-divider--view-line elementor-widget elementor-widget-divider\" data-id=\"9a82da9\" data-element_type=\"widget\" data-e-type=\"widget\" data-widget_type=\"divider.default\">\n\t\t\t\t\t\t\t<div class=\"elementor-divider\">\n\t\t\t<span class=\"elementor-divider-separator\">\n\t\t\t\t\t\t<\/span>\n\t\t<\/div>\n\t\t\t\t\t\t<\/div>\n\t\t\t\t<div class=\"elementor-element elementor-element-8099191 elementor-widget elementor-widget-text-editor\" data-id=\"8099191\" data-element_type=\"widget\" data-e-type=\"widget\" data-widget_type=\"text-editor.default\">\n\t\t\t\t\t\t\t\t\t<p>W\u00f3zki inwalidzkie przeznaczone s\u0105 dla os\u00f3b z ograniczon\u0105 sprawno\u015bci\u0105 ruchow\u0105. Zapewniaj\u0105 komfort, mobilno\u015b\u0107 i bezpiecze\u0144stwo.<\/p><p><strong>Cechy:<\/strong><\/p><p>Stabilna konstrukcja<\/p><p>Sk\u0142adana rama u\u0142atwiaj\u0105ca transport<\/p><p>Regulowane podn\u00f3\u017cki<\/p><p>Wygodne siedzisko<\/p><p style=\"text-align: center;\">Idealne do u\u017cytku domowego oraz poza domem<\/p>\t\t\t\t\t\t\t\t<\/div>\n\t\t\t\t<\/div>\n\t\t<div class=\"elementor-element elementor-element-04b0b9b e-con-full e-flex e-con e-child\" data-id=\"04b0b9b\" data-element_type=\"container\" data-e-type=\"container\">\n\t\t\t\t<div class=\"elementor-element elementor-element-ed29a0d elementor-widget elementor-widget-image\" data-id=\"ed29a0d\" data-element_type=\"widget\" data-e-type=\"widget\" data-widget_type=\"image.default\">\n\t\t\t\t\t\t\t\t\t\t\t\t\t\t\t<img decoding=\"async\" width=\"260\" height=\"194\" src=\"https:\/\/smpuls.pl\/wp-content\/uploads\/2026\/02\/podnosnik.jpg\" class=\"attachment-full size-full wp-image-305\" alt=\"\" \/>\t\t\t\t\t\t\t\t\t\t\t\t\t\t\t<\/div>\n\t\t\t\t<div class=\"elementor-element elementor-element-44bd6cb elementor-widget elementor-widget-heading\" data-id=\"44bd6cb\" data-element_type=\"widget\" data-e-type=\"widget\" data-widget_type=\"heading.default\">\n\t\t\t\t\t<h2 class=\"elementor-heading-title elementor-size-default\">Podno\u015bnik pacjenta marki ELBUR<\/h2>\t\t\t\t<\/div>\n\t\t\t\t<div class=\"elementor-element elementor-element-3d98b51 elementor-widget-divider--view-line elementor-widget elementor-widget-divider\" data-id=\"3d98b51\" data-element_type=\"widget\" data-e-type=\"widget\" data-widget_type=\"divider.default\">\n\t\t\t\t\t\t\t<div class=\"elementor-divider\">\n\t\t\t<span class=\"elementor-divider-separator\">\n\t\t\t\t\t\t<\/span>\n\t\t<\/div>\n\t\t\t\t\t\t<\/div>\n\t\t\t\t<div class=\"elementor-element elementor-element-ba77984 elementor-widget elementor-widget-text-editor\" data-id=\"ba77984\" data-element_type=\"widget\" data-e-type=\"widget\" data-widget_type=\"text-editor.default\">\n\t\t\t\t\t\t\t\t\t<p>Profesjonalny podno\u015bnik pacjenta marki ELBUR przeznaczony jest do bezpiecznego przenoszenia os\u00f3b o ograniczonej mobilno\u015bci. To niezast\u0105pione wsparcie dla opiekun\u00f3w domowych i personelu medycznego.<\/p><p><strong>Zalety urz\u0105dzenia:<\/strong><\/p><p>Elektryczny system podnoszenia<\/p><p>Stabilna i bezpieczna konstrukcja<\/p><p>\u0141atwa obs\u0142uga pilotem<\/p><p>Mobilna podstawa na k\u00f3\u0142kach z hamulcem<\/p><p>Komfortowe i bezpieczne podwieszki<\/p><p>Podno\u015bnik podnosi do 180kg.<\/p><p>Podno\u015bnik minimalizuje ryzyko uraz\u00f3w u opiekuna i zapewnia pacjentowi poczucie bezpiecze\u0144stwa podczas transferu z \u0142\u00f3\u017cka na w\u00f3zek, do toalety czy fotela.<\/p>\t\t\t\t\t\t\t\t<\/div>\n\t\t\t\t<\/div>\n\t\t<div class=\"elementor-element elementor-element-873b35b e-con-full e-flex e-con e-child\" data-id=\"873b35b\" data-element_type=\"container\" data-e-type=\"container\">\n\t\t\t\t<div class=\"elementor-element elementor-element-15027a2 elementor-widget elementor-widget-image\" data-id=\"15027a2\" data-element_type=\"widget\" data-e-type=\"widget\" data-widget_type=\"image.default\">\n\t\t\t\t\t\t\t\t\t\t\t\t\t\t\t<img decoding=\"async\" width=\"900\" height=\"900\" src=\"https:\/\/smpuls.pl\/wp-content\/uploads\/2026\/02\/new-askir-30-ssak-medyczny.jpg\" class=\"attachment-full size-full wp-image-304\" alt=\"\" srcset=\"https:\/\/smpuls.pl\/wp-content\/uploads\/2026\/02\/new-askir-30-ssak-medyczny.jpg 900w, https:\/\/smpuls.pl\/wp-content\/uploads\/2026\/02\/new-askir-30-ssak-medyczny-300x300.jpg 300w, https:\/\/smpuls.pl\/wp-content\/uploads\/2026\/02\/new-askir-30-ssak-medyczny-150x150.jpg 150w, https:\/\/smpuls.pl\/wp-content\/uploads\/2026\/02\/new-askir-30-ssak-medyczny-768x768.jpg 768w\" sizes=\"(max-width: 900px) 100vw, 900px\" \/>\t\t\t\t\t\t\t\t\t\t\t\t\t\t\t<\/div>\n\t\t\t\t<div class=\"elementor-element elementor-element-3722385 elementor-widget elementor-widget-heading\" data-id=\"3722385\" data-element_type=\"widget\" data-e-type=\"widget\" data-widget_type=\"heading.default\">\n\t\t\t\t\t<h2 class=\"elementor-heading-title elementor-size-default\">Ssak medyczny New Askir 30<\/h2>\t\t\t\t<\/div>\n\t\t\t\t<div class=\"elementor-element elementor-element-10588d7 elementor-widget-divider--view-line elementor-widget elementor-widget-divider\" data-id=\"10588d7\" data-element_type=\"widget\" data-e-type=\"widget\" data-widget_type=\"divider.default\">\n\t\t\t\t\t\t\t<div class=\"elementor-divider\">\n\t\t\t<span class=\"elementor-divider-separator\">\n\t\t\t\t\t\t<\/span>\n\t\t<\/div>\n\t\t\t\t\t\t<\/div>\n\t\t\t\t<div class=\"elementor-element elementor-element-e407ed7 elementor-widget elementor-widget-text-editor\" data-id=\"e407ed7\" data-element_type=\"widget\" data-e-type=\"widget\" data-widget_type=\"text-editor.default\">\n\t\t\t\t\t\t\t\t\t<p>Nowoczesny, elektryczny ssak medyczny New Askir 30 przeznaczony do odsysania wydzielin z dr\u00f3g oddechowych u doros\u0142ych i dzieci.<\/p><p><strong>Cechy urz\u0105dzenia:<\/strong><\/p><p>Cicha i wydajna praca<\/p><p>Regulacja si\u0142y ssania<\/p><p>\u0141atwy w obs\u0142udze i dezynfekcji<\/p><p>Kompaktowy rozmiar<\/p><p>Niezawodno\u015b\u0107 i wysoka jako\u015b\u0107 wykonania<\/p><p>Maksymalny przep\u0142yw 40l\/min<\/p><p>Idealny do u\u017cytku domowego oraz w plac\u00f3wkach medycznych. Zapewnia bezpiecze\u0144stwo i skuteczno\u015b\u0107 w sytuacjach wymagaj\u0105cych szybkiej interwencji.<\/p>\t\t\t\t\t\t\t\t<\/div>\n\t\t\t\t<\/div>\n\t\t<div class=\"elementor-element elementor-element-2cda645 e-con-full e-flex e-con e-child\" data-id=\"2cda645\" data-element_type=\"container\" data-e-type=\"container\">\n\t\t\t\t<div class=\"elementor-element elementor-element-c6f592b elementor-widget elementor-widget-image\" data-id=\"c6f592b\" data-element_type=\"widget\" data-e-type=\"widget\" data-widget_type=\"image.default\">\n\t\t\t\t\t\t\t\t\t\t\t\t\t\t\t<img loading=\"lazy\" decoding=\"async\" width=\"680\" height=\"680\" src=\"https:\/\/smpuls.pl\/wp-content\/uploads\/2026\/02\/kula-lokciowa.jpg\" class=\"attachment-full size-full wp-image-303\" alt=\"\" srcset=\"https:\/\/smpuls.pl\/wp-content\/uploads\/2026\/02\/kula-lokciowa.jpg 680w, https:\/\/smpuls.pl\/wp-content\/uploads\/2026\/02\/kula-lokciowa-300x300.jpg 300w, https:\/\/smpuls.pl\/wp-content\/uploads\/2026\/02\/kula-lokciowa-150x150.jpg 150w\" sizes=\"(max-width: 680px) 100vw, 680px\" \/>\t\t\t\t\t\t\t\t\t\t\t\t\t\t\t<\/div>\n\t\t\t\t<div class=\"elementor-element elementor-element-02c2774 elementor-widget elementor-widget-heading\" data-id=\"02c2774\" data-element_type=\"widget\" data-e-type=\"widget\" data-widget_type=\"heading.default\">\n\t\t\t\t\t<h2 class=\"elementor-heading-title elementor-size-default\">Kule ortopedyczne<\/h2>\t\t\t\t<\/div>\n\t\t\t\t<div class=\"elementor-element elementor-element-7bc43fe elementor-widget-divider--view-line elementor-widget elementor-widget-divider\" data-id=\"7bc43fe\" data-element_type=\"widget\" data-e-type=\"widget\" data-widget_type=\"divider.default\">\n\t\t\t\t\t\t\t<div class=\"elementor-divider\">\n\t\t\t<span class=\"elementor-divider-separator\">\n\t\t\t\t\t\t<\/span>\n\t\t<\/div>\n\t\t\t\t\t\t<\/div>\n\t\t\t\t<div class=\"elementor-element elementor-element-c60d42d elementor-widget elementor-widget-text-editor\" data-id=\"c60d42d\" data-element_type=\"widget\" data-e-type=\"widget\" data-widget_type=\"text-editor.default\">\n\t\t\t\t\t\t\t\t\t<p>kule ortopedyczne zapewniaj\u0105 stabilne podparcie podczas chodzenia w okresie rekonwalescencji po urazach i operacjach.<\/p><p><strong>Zalety:<\/strong><\/p><p>Regulacja wysoko\u015bci<\/p><p>Ergonomiczny uchwyt<\/p><p>Lekka i wytrzyma\u0142a konstrukcja<\/p><p>Antypo\u015blizgowe nasadki<\/p><p>Odpowiednie zar\u00f3wno do kr\u00f3tkotrwa\u0142ej rehabilitacji, jak i d\u0142u\u017cszego u\u017cytkowania.<\/p>\t\t\t\t\t\t\t\t<\/div>\n\t\t\t\t<\/div>\n\t\t<div class=\"elementor-element elementor-element-3533d2a e-con-full e-flex e-con e-child\" data-id=\"3533d2a\" data-element_type=\"container\" data-e-type=\"container\">\n\t\t\t\t<div class=\"elementor-element elementor-element-35d52d3 elementor-widget elementor-widget-image\" data-id=\"35d52d3\" data-element_type=\"widget\" data-e-type=\"widget\" data-widget_type=\"image.default\">\n\t\t\t\t\t\t\t\t\t\t\t\t\t\t\t<img loading=\"lazy\" decoding=\"async\" width=\"822\" height=\"1200\" src=\"https:\/\/smpuls.pl\/wp-content\/uploads\/2026\/02\/koncentrator.webp\" class=\"attachment-full size-full wp-image-302\" alt=\"\" srcset=\"https:\/\/smpuls.pl\/wp-content\/uploads\/2026\/02\/koncentrator.webp 822w, https:\/\/smpuls.pl\/wp-content\/uploads\/2026\/02\/koncentrator-206x300.webp 206w, https:\/\/smpuls.pl\/wp-content\/uploads\/2026\/02\/koncentrator-701x1024.webp 701w, https:\/\/smpuls.pl\/wp-content\/uploads\/2026\/02\/koncentrator-768x1121.webp 768w\" sizes=\"(max-width: 822px) 100vw, 822px\" \/>\t\t\t\t\t\t\t\t\t\t\t\t\t\t\t<\/div>\n\t\t\t\t<div class=\"elementor-element elementor-element-b9be637 elementor-widget elementor-widget-heading\" data-id=\"b9be637\" data-element_type=\"widget\" data-e-type=\"widget\" data-widget_type=\"heading.default\">\n\t\t\t\t\t<h2 class=\"elementor-heading-title elementor-size-default\">Koncentrator tlenu stacjonarny<\/h2>\t\t\t\t<\/div>\n\t\t\t\t<div class=\"elementor-element elementor-element-39997ce elementor-widget-divider--view-line elementor-widget elementor-widget-divider\" data-id=\"39997ce\" data-element_type=\"widget\" data-e-type=\"widget\" data-widget_type=\"divider.default\">\n\t\t\t\t\t\t\t<div class=\"elementor-divider\">\n\t\t\t<span class=\"elementor-divider-separator\">\n\t\t\t\t\t\t<\/span>\n\t\t<\/div>\n\t\t\t\t\t\t<\/div>\n\t\t\t\t<div class=\"elementor-element elementor-element-15c672e elementor-widget elementor-widget-text-editor\" data-id=\"15c672e\" data-element_type=\"widget\" data-e-type=\"widget\" data-widget_type=\"text-editor.default\">\n\t\t\t\t\t\t\t\t\t<p>Stacjonarny koncentrator tlenu o wydajno\u015bci do 5 litr\u00f3w na minut\u0119 to niezawodne urz\u0105dzenie wspomagaj\u0105ce terapi\u0119 tlenow\u0105 w warunkach domowych.<\/p><p><strong>Najwa\u017cniejsze cechy:<\/strong><\/p><p>Sta\u0142a i stabilna koncentracja tlenu<\/p><p>Regulacja przep\u0142ywu do 5 l\/min<\/p><p>Cicha praca<\/p><p>Prosta obs\u0142uga<\/p><p>System alarm\u00f3w bezpiecze\u0144stwa<\/p><p>Przeznaczony dla os\u00f3b z chorobami uk\u0142adu oddechowego wymagaj\u0105cych sta\u0142ej lub okresowej tlenoterapii.<\/p>\t\t\t\t\t\t\t\t<\/div>\n\t\t\t\t<\/div>\n\t\t<div class=\"elementor-element elementor-element-bc1d646 e-con-full e-flex e-con e-child\" data-id=\"bc1d646\" data-element_type=\"container\" data-e-type=\"container\">\n\t\t\t\t<div class=\"elementor-element elementor-element-92f2655 elementor-widget elementor-widget-image\" data-id=\"92f2655\" data-element_type=\"widget\" data-e-type=\"widget\" data-widget_type=\"image.default\">\n\t\t\t\t\t\t\t\t\t\t\t\t\t\t\t<img loading=\"lazy\" decoding=\"async\" width=\"750\" height=\"515\" src=\"https:\/\/smpuls.pl\/wp-content\/uploads\/2026\/02\/elbur-325.jpg\" class=\"attachment-full size-full wp-image-301\" alt=\"\" srcset=\"https:\/\/smpuls.pl\/wp-content\/uploads\/2026\/02\/elbur-325.jpg 750w, https:\/\/smpuls.pl\/wp-content\/uploads\/2026\/02\/elbur-325-300x206.jpg 300w\" sizes=\"(max-width: 750px) 100vw, 750px\" \/>\t\t\t\t\t\t\t\t\t\t\t\t\t\t\t<\/div>\n\t\t\t\t<div class=\"elementor-element elementor-element-f7c3afc elementor-widget elementor-widget-heading\" data-id=\"f7c3afc\" data-element_type=\"widget\" data-e-type=\"widget\" data-widget_type=\"heading.default\">\n\t\t\t\t\t<h2 class=\"elementor-heading-title elementor-size-default\">\u0141\u00f3\u017cko rehabilitacyjne ELBUR<\/h2>\t\t\t\t<\/div>\n\t\t\t\t<div class=\"elementor-element elementor-element-e675024 elementor-widget-divider--view-line elementor-widget elementor-widget-divider\" data-id=\"e675024\" data-element_type=\"widget\" data-e-type=\"widget\" data-widget_type=\"divider.default\">\n\t\t\t\t\t\t\t<div class=\"elementor-divider\">\n\t\t\t<span class=\"elementor-divider-separator\">\n\t\t\t\t\t\t<\/span>\n\t\t<\/div>\n\t\t\t\t\t\t<\/div>\n\t\t\t\t<div class=\"elementor-element elementor-element-073d313 elementor-widget elementor-widget-text-editor\" data-id=\"073d313\" data-element_type=\"widget\" data-e-type=\"widget\" data-widget_type=\"text-editor.default\">\n\t\t\t\t\t\t\t\t\t<p>Nowoczesne, w pe\u0142ni elektryczne \u0142\u00f3\u017cko rehabilitacyjne marki ELBUR to profesjonalne rozwi\u0105zanie dla os\u00f3b wymagaj\u0105cych d\u0142ugotrwa\u0142ej opieki w domu lub plac\u00f3wce medycznej. Zapewnia komfort pacjentowi oraz realne odci\u0105\u017cenie opiekuna.<\/p><p><strong>Najwa\u017cniejsze cechy:<\/strong><\/p><p>Elektryczna regulacja wysoko\u015bci oraz k\u0105ta nachylenia zag\u0142\u00f3wka i podn\u00f3\u017cka<\/p><p>Stabilna, solidna konstrukcja<\/p><p>Barierki boczne zwi\u0119kszaj\u0105ce bezpiecze\u0144stwo<\/p><p>Wysi\u0119gnik z uchwytem u\u0142atwiaj\u0105cy zmian\u0119 pozycji<\/p><p>K\u00f3\u0142ka z blokad\u0105 umo\u017cliwiaj\u0105ce \u0142atwe przemieszczanie<\/p><p>\u0141atwe w utrzymaniu czysto\u015bci powierzchnie<\/p><p>\u0141\u00f3\u017cko znacz\u0105co u\u0142atwia codzienn\u0105 piel\u0119gnacj\u0119, rehabilitacj\u0119 oraz karmienie pacjenta. Idealne dla os\u00f3b po operacjach, udarach, urazach oraz w opiece d\u0142ugoterminowej.<\/p>\t\t\t\t\t\t\t\t<\/div>\n\t\t\t\t<\/div>\n\t\t<div class=\"elementor-element elementor-element-9d1a5a9 e-con-full e-flex e-con e-child\" data-id=\"9d1a5a9\" data-element_type=\"container\" data-e-type=\"container\">\n\t\t\t\t<div class=\"elementor-element elementor-element-7dc7012 elementor-widget elementor-widget-image\" data-id=\"7dc7012\" data-element_type=\"widget\" data-e-type=\"widget\" data-widget_type=\"image.default\">\n\t\t\t\t\t\t\t\t\t\t\t\t\t\t\t<img loading=\"lazy\" decoding=\"async\" width=\"1920\" height=\"1920\" src=\"https:\/\/smpuls.pl\/wp-content\/uploads\/2026\/02\/balkonik.jpg\" class=\"attachment-full size-full wp-image-300\" alt=\"\" srcset=\"https:\/\/smpuls.pl\/wp-content\/uploads\/2026\/02\/balkonik.jpg 1920w, https:\/\/smpuls.pl\/wp-content\/uploads\/2026\/02\/balkonik-300x300.jpg 300w, https:\/\/smpuls.pl\/wp-content\/uploads\/2026\/02\/balkonik-1024x1024.jpg 1024w, https:\/\/smpuls.pl\/wp-content\/uploads\/2026\/02\/balkonik-150x150.jpg 150w, https:\/\/smpuls.pl\/wp-content\/uploads\/2026\/02\/balkonik-768x768.jpg 768w, https:\/\/smpuls.pl\/wp-content\/uploads\/2026\/02\/balkonik-1536x1536.jpg 1536w\" sizes=\"(max-width: 1920px) 100vw, 1920px\" \/>\t\t\t\t\t\t\t\t\t\t\t\t\t\t\t<\/div>\n\t\t\t\t<div class=\"elementor-element elementor-element-81c998b elementor-widget elementor-widget-heading\" data-id=\"81c998b\" data-element_type=\"widget\" data-e-type=\"widget\" data-widget_type=\"heading.default\">\n\t\t\t\t\t<h2 class=\"elementor-heading-title elementor-size-default\">Balkoniki rehabilitacyjne<\/h2>\t\t\t\t<\/div>\n\t\t\t\t<div class=\"elementor-element elementor-element-67b5047 elementor-widget-divider--view-line elementor-widget elementor-widget-divider\" data-id=\"67b5047\" data-element_type=\"widget\" data-e-type=\"widget\" data-widget_type=\"divider.default\">\n\t\t\t\t\t\t\t<div class=\"elementor-divider\">\n\t\t\t<span class=\"elementor-divider-separator\">\n\t\t\t\t\t\t<\/span>\n\t\t<\/div>\n\t\t\t\t\t\t<\/div>\n\t\t\t\t<div class=\"elementor-element elementor-element-45ce236 elementor-widget elementor-widget-text-editor\" data-id=\"45ce236\" data-element_type=\"widget\" data-e-type=\"widget\" data-widget_type=\"text-editor.default\">\n\t\t\t\t\t\t\t\t\t<p>Balkoniki wspieraj\u0105 osoby maj\u0105ce trudno\u015bci z samodzielnym poruszaniem si\u0119. Zapewniaj\u0105 stabilno\u015b\u0107, bezpiecze\u0144stwo i wi\u0119ksz\u0105 niezale\u017cno\u015b\u0107 w codziennym funkcjonowaniu.<\/p><p><strong>Dost\u0119pne modele:<\/strong><\/p><p>Balkoniki krocz\u0105ce<\/p><p>Balkoniki sta\u0142e<\/p><p>Modele z k\u00f3\u0142kami<\/p><p>Lekka, aluminiowa konstrukcja oraz regulacja wysoko\u015bci pozwalaj\u0105 dopasowa\u0107 sprz\u0119t do wzrostu u\u017cytkownika.<\/p>\t\t\t\t\t\t\t\t<\/div>\n\t\t\t\t<\/div>\n\t\t\t\t\t<\/div>\n\t\t\t\t<\/div>\n\t\t\t\t<\/div>\n\t\t","protected":false},"excerpt":{"rendered":"<p>Wynajem sprz\u0119tu medycznego W lutym 2026 roku rozszerzyli\u015bmy dzia\u0142alno\u015b\u0107 o wynajem sprz\u0119tu medycznego. Na start zainwestowali\u015bmy w fabrycznie nowy sprz\u0119t, aby zapewni\u0107 pacjentom maksymalne bezpiecze\u0144stwo, higien\u0119 oraz komfort u\u017cytkowania. W naszej ofercie wynajmu znajduj\u0105 si\u0119 m.in.: \u0142\u00f3\u017cka rehabilitacyjne z regulacj\u0105, koncentratory tlenu, ssaki medyczne, w\u00f3zki inwalidzkie, balkoniki i kule ortopedyczne, podno\u015bniki pacjenta\u00a0 ( do 180kg)\u00a0 [&hellip;]<\/p>\n","protected":false},"author":1,"featured_media":0,"parent":0,"menu_order":0,"comment_status":"closed","ping_status":"closed","template":"","meta":{"footnotes":""},"class_list":["post-27","page","type-page","status-publish","hentry"],"_links":{"self":[{"href":"https:\/\/smpuls.pl\/index.php?rest_route=\/wp\/v2\/pages\/27","targetHints":{"allow":["GET"]}}],"collection":[{"href":"https:\/\/smpuls.pl\/index.php?rest_route=\/wp\/v2\/pages"}],"about":[{"href":"https:\/\/smpuls.pl\/index.php?rest_route=\/wp\/v2\/types\/page"}],"author":[{"embeddable":true,"href":"https:\/\/smpuls.pl\/index.php?rest_route=\/wp\/v2\/users\/1"}],"replies":[{"embeddable":true,"href":"https:\/\/smpuls.pl\/index.php?rest_route=%2Fwp%2Fv2%2Fcomments&post=27"}],"version-history":[{"count":76,"href":"https:\/\/smpuls.pl\/index.php?rest_route=\/wp\/v2\/pages\/27\/revisions"}],"predecessor-version":[{"id":573,"href":"https:\/\/smpuls.pl\/index.php?rest_route=\/wp\/v2\/pages\/27\/revisions\/573"}],"wp:attachment":[{"href":"https:\/\/smpuls.pl\/index.php?rest_route=%2Fwp%2Fv2%2Fmedia&parent=27"}],"curies":[{"name":"wp","href":"https:\/\/api.w.org\/{rel}","templated":true}]}}